{"id":690,"date":"2016-10-12T20:36:43","date_gmt":"2016-10-12T18:36:43","guid":{"rendered":"http:\/\/www.parroquiavirgendelcortijo.es\/?page_id=690"},"modified":"2021-10-23T19:46:24","modified_gmt":"2021-10-23T17:46:24","slug":"adoracion-nocturna","status":"publish","type":"page","link":"https:\/\/www.parroquiavirgendelcortijo.es\/?page_id=690","title":{"rendered":"Adoraci\u00f3n nocturna"},"content":{"rendered":"<div class=\"page\" title=\"Page 11\">\n<div class=\"section\">\n<div class=\"layoutArea\">\n<div class=\"column\">\n<p><strong>La Vigilia de la Adoraci\u00f3n Nocturna Espa\u00f1ola se inauguro\u0301 oficialmente el 18 de enero del 2020, asigna\u0301ndose a nuestra parroquia el turno 76. La celebramos una vez al mes, el di\u0301a que corresponda al tercer viernes. Comienza a las diez de la noche.<\/strong><\/p>\n<\/div>\n<\/div>\n<\/div>\n<\/div>\n<div class=\"page\" title=\"Page 11\">\n<div class=\"section\">\n<div class=\"layoutArea\">\n<div class=\"column\">\n<blockquote><p><span style=\"color: #993366;\">No me habe\u0301is elegido vosotros a mi\u0301, sino que Yo os he elegido a vosotros, y os he destinado para que deis fruto y vuestro fruto permanezca&#8230; (<a href=\"https:\/\/www.conferenciaepiscopal.es\/biblia\/juan\/#cap15\" target=\"_blank\" rel=\"noopener\">Juan 15, 16<\/a>)<\/span><\/p><\/blockquote>\n<\/div>\n<\/div>\n<\/div>\n<\/div>\n<div class=\"page\" title=\"Page 11\">\n<div class=\"section\">\n<div class=\"layoutArea\">\n<div class=\"column\">\n<p>La Adoracio\u0301n Nocturna es un grupo de creyentes que adora a Dios en representacio\u0301n de todos. Es disfrutar especialmente del regalo infinito que supone la presencia de Jesu\u0301s en el Santi\u0301simo Sacramento, es conversar personalmente con E\u0301l, en el silencio de la noche.<\/p>\n<h1>Esquema de una vigilia de la Adoraci\u00f3n Nocturna<\/h1>\n<\/div>\n<\/div>\n<\/div>\n<\/div>\n<p>Se comienza as\u00ed:<\/p>\n<ol>\n<li><span style=\"color: #993366;\">Presentaci\u00f3n<\/span> de adoradores con el Sacerdote que preside la Vigilia. Preside el sacerdote o vicario parroquial, con la asistencia del Jefe de Turno nombrado al constituirse el Turno de Vigilia y el conjunto de los adoradores.<\/li>\n<li><span style=\"color: #993366;\">Invocaci\u00f3n al Esp\u00edritu Santo<\/span>, con el rezo de Padrenuestro, Avemar\u00eda y Gloria.<\/li>\n<li><span style=\"color: #993366;\">Tema de formaci\u00f3n<\/span>. Mensualmente se edita un Bolet\u00edn que se reparte a todos los Adoradores, con noticias de la Adoraci\u00f3n Nocturna Espa\u00f1ola. Se incluyen temas de contenido catequ\u00e9tico, lit\u00fargico\u2026, y un \u201cTema de Reflexi\u00f3n\u201d a debatir en este apartado.<\/li>\n<li><span style=\"color: #993366;\">Preparaci\u00f3n espiritual<\/span>. Rezo del Santo Rosario. Nuestra Madre nos lleva por su Mano al Hijo. Durante el rezo del rosario, el sacerdote est\u00e1 preparado para atender al que necesite el Sacramento de la Reconciliaci\u00f3n.<\/li>\n<li><span style=\"color: #993366;\">Celebraci\u00f3n eucar\u00edstica<\/span>. La comuni\u00f3n de los fieles se realiza bajo las dos Especies Sacramentales.<strong>\u00a0<\/strong>Terminada la comuni\u00f3n, se procede al Canto del Magn\u00edficat y a la <span style=\"color: #993366;\">EXPOSICI\u00d3N DEL SANT\u00cdSIMO<\/span> con el canto del PANGE LINGUA.<\/li>\n<li><span style=\"color: #993366;\">Adoraci\u00f3n al Sant\u00edsimo Sacramento<\/span>. De rodillas, se reza la oraci\u00f3n de \u201cPresentaci\u00f3n de adoradores\u201d, por el Sacerdote presidente y contestaci\u00f3n, donde corresponde seg\u00fan Manual, por los adoradores. El conjunto de adoradores permanece as\u00ed, de rodillas, unos breves minutos en silencio, contemplando a Jes\u00fas Sacramentado.<\/li>\n<li><span style=\"color: #993366;\">Vigilia nocturna<\/span>.<\/li>\n<li><span style=\"color: #993366;\">Turno de Vela<\/span>. Durante un tiempo entre 30 a 40 minutos, seg\u00fan criterio del sacerdote, los adoradores se disponen para \u201cla oraci\u00f3n personal\u201d, ante el Sant\u00edsimo Expuesto; nos recuerda que somos <span style=\"color: #993366;\">AP\u00d3STOLES DE DIA Y ADORADORES DE NOCHE<\/span>.<\/li>\n<li><span style=\"color: #993366;\">Finalizaci\u00f3n de la vigilia<\/span>. Terminado el turno de vela, se rezan \u201clas Preces expiatorias\u201d, en la que los adoradores pedimos perd\u00f3n al Se\u00f1or por todos los pecados del mundo, por su ego\u00edsmo y su idolatr\u00eda. Se realiza la <span style=\"color: #993366;\">RESERVA DEL SANT\u00cdSIMO SACRAMENTO<\/span>.<\/li>\n<li><span style=\"color: #993366;\">Canto de despedida<\/span>. Se termina la celebraci\u00f3n con un canto a nuestra madre, Salve Regina u otro.<\/li>\n<\/ol>\n","protected":false},"excerpt":{"rendered":"<p>La Vigilia de la Adoraci\u00f3n Nocturna Espa\u00f1ola se inauguro\u0301 oficialmente el 18 de enero del 2020, asigna\u0301ndose a nuestra parroquia el turno 76. La celebramos una vez al mes, el &hellip; <a href=\"https:\/\/www.parroquiavirgendelcortijo.es\/?page_id=690\" class=\"more-link\">Seguir leyendo <span class=\"screen-reader-text\">Adoraci\u00f3n nocturna<\/span> <span class=\"meta-nav\">&rarr;<\/span><\/a><\/p>\n","protected":false},"author":1,"featured_media":691,"parent":2594,"menu_order":4,"comment_status":"closed","ping_status":"closed","template":"","meta":{"footnotes":""},"class_list":["post-690","page","type-page","status-publish","has-post-thumbnail","hentry"],"_links":{"self":[{"href":"https:\/\/www.parroquiavirgendelcortijo.es\/index.php?rest_route=\/wp\/v2\/pages\/690","targetHints":{"allow":["GET"]}}],"collection":[{"href":"https:\/\/www.parroquiavirgendelcortijo.es\/index.php?rest_route=\/wp\/v2\/pages"}],"about":[{"href":"https:\/\/www.parroquiavirgendelcortijo.es\/index.php?rest_route=\/wp\/v2\/types\/page"}],"author":[{"embeddable":true,"href":"https:\/\/www.parroquiavirgendelcortijo.es\/index.php?rest_route=\/wp\/v2\/users\/1"}],"replies":[{"embeddable":true,"href":"https:\/\/www.parroquiavirgendelcortijo.es\/index.php?rest_route=%2Fwp%2Fv2%2Fcomments&post=690"}],"version-history":[{"count":8,"href":"https:\/\/www.parroquiavirgendelcortijo.es\/index.php?rest_route=\/wp\/v2\/pages\/690\/revisions"}],"predecessor-version":[{"id":2635,"href":"https:\/\/www.parroquiavirgendelcortijo.es\/index.php?rest_route=\/wp\/v2\/pages\/690\/revisions\/2635"}],"up":[{"embeddable":true,"href":"https:\/\/www.parroquiavirgendelcortijo.es\/index.php?rest_route=\/wp\/v2\/pages\/2594"}],"wp:featuredmedia":[{"embeddable":true,"href":"https:\/\/www.parroquiavirgendelcortijo.es\/index.php?rest_route=\/wp\/v2\/media\/691"}],"wp:attachment":[{"href":"https:\/\/www.parroquiavirgendelcortijo.es\/index.php?rest_route=%2Fwp%2Fv2%2Fmedia&parent=690"}],"curies":[{"name":"wp","href":"https:\/\/api.w.org\/{rel}","templated":true}]}}